{"version":"1.0","provider_name":"?k\u00e9rd\u0151jel?","provider_url":"https:\/\/kerdojel.cafeblog.hu","author_name":"Lillany\u00f3","author_url":"https:\/\/kerdojel.cafeblog.hu\/author\/lillanyo\/","title":"... t\u00f6red\u00e9k ...","html":"<p style=\"text-align: justify\">Anya sz\u00fclt. V\u00f6r\u00f6s a v\u00e9rem. Naponta 21600-szor leveg\u0151t veszek, sz\u00edvem percente 84-et dobban, naponta h\u00e1romszor meg\u00e9hezem, ha k\u00e9t liter tiszta v\u00edzhez nem jutok, kisz\u00e1radok. Hidegben f\u00e1zom, h\u0151s\u00e9gben szenvedek, mened\u00e9kre van sz\u00fcks\u00e9gem. Az ismeretlent\u0151l szorongok, a fenyeget\u0151 dolgokt\u00f3l f\u00e9lek, vesz\u00e9lyben rettegek, v\u00e9gvesz\u00e9lyben elmenek\u00fcl\u00f6k. Csal\u00e1dot alap\u00edtok, gyermeket nemzek \u00e9s nevelek. \u0150seimhez \u00e9s ut\u00f3daimhoz, bar\u00e1taimhoz \u00e9s felebar\u00e1taimhoz, nemzetemhez tartozom<span class=\"text_exposed_show\">. Lelkem van \u00e9s ismerem, becs\u00fcletem van, \u00e9s v\u00e1gyom, hogy elismerd, s mindezt \u2013ha kell- v\u00e9delmezem. Tudni szeretn\u00e9m mindennek mibenl\u00e9t\u00e9t \u00e9s ok\u00e1t \u2026.. \u00e9s mindennek Okoz\u00f3j\u00e1t v\u00e9lem valahol \u2026.. \u00e9s \u0150t hi\u00e1ba nem emlegetem \u2026. \u00e9s n\u00e9hanap meg\u00e1llok el\u0151tte f\u0151t hajtani \u2026 \u00e9s tisztelem kik \u00e1ltal \u0150 bennem megnyilv\u00e1nulhat\u2026 \u00e9s nem \u00e1rtok, el nem veszem senkit\u0151l \u00e9let\u00e9t\u2026. \u00e9s hi\u00e1ba s alantasan nem \u00fczekedem \u2026 \u00e9s a m\u00e1snak rendeltetett er\u0151forr\u00e1st el nem veszem \u2026 \u00e9s igazat, becs\u00fcletet el nem ferd\u00edtek \u2026 \u00e9s m\u00e1snak nem k\u00edv\u00e1nom h\u00e1za n\u00e9p\u00e9t\u2026 \u00e9s h\u00e1z\u00e1t sem \u2026 Ez az \u00e9n k\u00e9tharmadom!<\/span><\/p>\r\n<div class=\"text_exposed_show\">\r\n<p style=\"text-align: justify\">S hogy sz\u00e9pnek mit l\u00e1tok? Az \u00e9n marad\u00e9k harmadomban j\u00f3l megf\u00e9r mind. A k\u00e9k, a barna, a fekete vagy a z\u00f6ld szem\u0171t? A vil\u00e1gos vagy s\u00f6t\u00e9t b\u0151r\u0171t? A sov\u00e1nyat vagy teltet, gyeng\u00e9t vagy er\u0151st, b\u00f6lcset vagy esetlent? N\u0151t vagy f\u00e9rfit? Dobok, szit\u00e1r, zongora vagy git\u00e1r hangja kellemes f\u00fclemnek? Szoknya vagy nadr\u00e1g, kalap vagy kend\u0151, sz\u00e1ri vagy burka a viseletem? Futball vagy sakk? Torn\u00e1c vagy jakuzzi? Pizza, p\u00e1szka, szabji, kr\u00e9mes vagy \u2026 paprik\u00e1s krumpli? Merc\u00e9desz vagy bicikli? Rap vagy szonett? Cs\u00e1rd\u00e1s, kering\u0151, tang\u00f3 vagy balett? Mely nyelv merne versenyezni \u2026 m\u00e1ssal?! Mely k\u00e9phez-jelk\u00e9phez, mely \u00e9gt\u00e1j fel\u00e9, mely nyelven s hogyan fordulok im\u00e1mmal?! Mind Egy! Tarka, sz\u00ednes a marad\u00e9k harmad, a fecseg\u0151 felsz\u00edn, amivel \u00e9rz\u00e9keink elk\u00e1pr\u00e1ztatnak \u2013 gazdag, m\u00e9gis k\u00f6nny\u0171! Mint z\u00e1szl\u00f3ink, melyeket a bolond sz\u00e9l hol jobbr\u00f3l, hol balr\u00f3l f\u00fa \u2026<\/p>\r\n<p style=\"text-align: justify\">K\u00e9rdezed, hogy mire hatalmaz fel k\u00e9tharmadom? Csak arra, hogy \u00e9ljek \u00e9s \u00e9lni hagyjak! Hogy v\u00e9dj \u00e9s v\u00e9djelek! Hogy sz\u00f3ljak \u00e9s sz\u00f3lni hagyjalak! Hogy becs\u00fclj \u00e9s becs\u00fcljelek \u2026 hogy szeress \u00e9s szeresselek\u2026.<\/p>\r\n<p style=\"text-align: justify\">\u2026\u00e9s elmondom \u00e9n, ha k\u00e9rdezn\u00e9d m\u00e9g, hogy mire nem hatalmaz fel k\u00e9tharmadom! Arra, hogy meg\u00edt\u00e9ljelek, v\u00e9lt m\u00e1ss\u00e1god ok\u00e1n kirekesszelek, megf\u00e9leml\u00edtselek, gy\u0171l\u00f6ljelek \u2026 s minderre senki m\u00e1st sem hatalmaz fel az \u0151 k\u00e9tharmada! Mert az \u00e9n k\u00e9tharmadom s a te k\u00e9tharmadod maga az embers\u00e9g\u00fcnk rend\u00edthetetlen alapja, \u00f6r\u00f6k t\u00f6rv\u00e9ny, l\u00e1thatatlan, m\u00e9gis s\u00falyos k\u0151t\u00e1bl\u00e1ra v\u00e9sve \u2026 a marad\u00e9k az \u0150 aj\u00e1nd\u00e9ka, j\u00f3kedv\u0171 j\u00e1t\u00e9ka, hogy szel\u00edd soksz\u00edn\u0171s\u00e9g\u00fcnk \u0150t mag\u00e1t gy\u00f6ny\u00f6rk\u00f6dtesse!<\/p>\r\n<p style=\"text-align: justify\">Ennyi. Se t\u00f6bb, se kevesebb: az Egy<\/p>\r\n<\/div>","type":"rich"}