{"version":"1.0","provider_name":"?k\u00e9rd\u0151jel?","provider_url":"https:\/\/kerdojel.cafeblog.hu","author_name":"Lillany\u00f3","author_url":"https:\/\/kerdojel.cafeblog.hu\/author\/lillanyo\/","title":"... f\u00e9ny m\u00e1trix ...","html":"<p><a href=\"https:\/\/kerdojel.cafeblog.hu\/files\/2015\/12\/f\u00e9nym\u00e1trix2.jpg\"><img class=\"alignnone  wp-image-1248\" src=\"https:\/\/kerdojel.cafeblog.hu\/files\/2015\/12\/f\u00e9nym\u00e1trix2.jpg\" alt=\"f\u00e9nym\u00e1trix2\" width=\"235\" height=\"235\" \/><\/a><\/p>\r\n<p>finom sz\u00f6vet<\/p>\r\n<p>l\u00e1gyan oml\u00f3<\/p>\r\n<p>mindent befed\u0151<\/p>\r\n<p>v\u00e9delmez\u0151 \u00f3v\u00f3<\/p>\r\n<p>rugalmas \u00e9s sz\u00ednes<\/p>\r\n<p>\u00f6nmag\u00e1t \u00faj\u00edt\u00f3<\/p>\r\n<p>minden sz\u00e1la\u00a0<\/p>\r\n<p>minden sz\u00e1l\u00e1val<\/p>\r\n<p>fon\u00f3d\u00f3 ...<\/p>\r\n<p>valahol ha s\u00e9r\u00fcl<\/p>\r\n<p>felfut a szem<\/p>\r\n<p>v\u00e9gig szalad rajta<\/p>\r\n<p>sz\u00e9tterjed sebesen<\/p>\r\n<p>s ahol elszakad,<\/p>\r\n<p>elszakad a h\u00far<\/p>\r\n<p>ott \u00a0\u00e1rt\u00f3 k\u00e1osz\u00a0<\/p>\r\n<p>szelleme szabadul<\/p>\r\n<p>el\u00e9g egy rossz sz\u00f3<\/p>\r\n<p>nyegle nyilatkozat<\/p>\r\n<p>'lehelet-h\u00e1l\u00f3<\/p>\r\n<p>selym\u00e9be akad<\/p>\r\n<p>mint karom t\u00e9pi<\/p>\r\n<p>marcangolja sz\u00e9t<\/p>\r\n<p>kapcsolat-h\u00e1l\u00f3nk\u00a0<\/p>\r\n<p>bizalom sz\u00f6vet\u00e9t ...<\/p>\r\n<p><a href=\"https:\/\/kerdojel.cafeblog.hu\/files\/2015\/12\/f\u00e9nym\u00e1trix1.jpg\"><img class=\"alignnone size-full wp-image-1250\" src=\"https:\/\/kerdojel.cafeblog.hu\/files\/2015\/12\/f\u00e9nym\u00e1trix1.jpg\" alt=\"f\u00e9nym\u00e1trix1\" width=\"259\" height=\"194\" \/><\/a><\/p>\r\n<p>&nbsp;<\/p>\r\n<p>&nbsp;<\/p>","type":"rich"}